{"id":104454,"date":"2021-09-22T16:07:10","date_gmt":"2021-09-22T14:07:10","guid":{"rendered":"https:\/\/videlio2021.pacom1.com\/?page_id=104454"},"modified":"2021-09-22T16:07:13","modified_gmt":"2021-09-22T14:07:13","slug":"agences-reims","status":"publish","type":"page","link":"https:\/\/www.videlio.com\/en\/sites\/agences-reims\/","title":{"rendered":"Agencies &#8211; Reims"},"content":{"rendered":"<div class=\"wpb-content-wrapper\"><section data-vc-full-width=\"true\" data-vc-full-width-init=\"false\" data-vc-parallax-image=\"0.5\" class=\"vc_row wpb_row vc_row-fluid  vc_custom_1630960267188   hongo-row-min-height wow fadeIn vc_row-has-fill hongo-stretch-content hongo-stretch-row-container parallax\" style=\"min-height: 150px;\"><div class=\"wpb_column vc_column_container vc_col-has-fill col-xs-mobile-fullwidth vc_col-sm-12 text-center sm-text-center\"><div class=\"vc_column-inner bg-position-right-top vc_custom_1628072340050\"><div class=\"wpb_wrapper\"><div class=\"vc_row wpb_row vc_inner vc_row-fluid  vc_custom_1628516671995\"><div class=\"wpb_column vc_column_container col-xs-mobile-fullwidth vc_col-sm-4 text-left sm-text-left\"><div class=\"vc_column-inner\"><div class=\"wpb_wrapper\">[vc_empty_space]<div class=\"text-block-content hongo-text-block-1 last-paragraph-no-margin\"><h2 style=\"text-align: left;\">Provider<br \/>\nof audiovisual services<br \/>\nin <em>Reims<\/em><\/h2>\n<\/div>[vc_empty_space]<a href=\"tel:+33326856363\"  class=\"hongo-button-1 btn btn-base btn-round alt-font btn-large  hongo_button_1632319433871\"><i class=\"fas fa-phone-alt left-icon\" aria-hidden=\"true\"><\/i>Tel. : 03 26 85 63 63<\/a>[vc_empty_space height=&#8221;20px&#8221;]<div class=\"text-block-content hongo-text-block-2 last-paragraph-no-margin\"><p><strong>17 Rue Robert Fulton<\/strong><br \/>\n<strong>51100 Reims<\/strong><br \/>\n<strong>France<\/strong><\/p>\n<\/div>[vc_empty_space]<div class=\"text-block-content hongo-text-block-3 last-paragraph-no-margin\"><p>In the Champagne-Ardenne region, the Videlio teams integrate, deploy and maintain audiovisual systems. Whether for companies, events, media, post-production, hotels, public organisations, schools, associations&#8230;<\/p>\n<p>Our teams are available for your various audiovisual projects in Reims and the surrounding area: Ch\u00e2lons-en-Champagne, Epernay, Troyes, Charleville-M\u00e9zi\u00e8res, Ch\u00e2teau-Thierry or Laon<\/p>\n<\/div><\/div><\/div><\/div><div class=\"wpb_column vc_column_container col-xs-mobile-fullwidth vc_col-sm-8 text-center sm-text-center\"><div class=\"vc_column-inner\"><div class=\"wpb_wrapper\"><div class=\"wpb_single_image    hongo-full-width-single-image\">\n\t\t\t<figure class=\"wpb_wrapper vc_figure\">\n\t\t\t\t<div class=\"vc_single_image-wrapper  \"><img decoding=\"async\" width=\"1200\" height=\"1200\" src=\"https:\/\/www.videlio.com\/wp-content\/uploads\/2021\/09\/VIDELIO_Carte-europe.png\" class=\"vc_single_image-img attachment-full\" alt=\"\" title=\"VIDELIO_Carte-europe\" srcset=\"https:\/\/www.videlio.com\/wp-content\/uploads\/2021\/09\/VIDELIO_Carte-europe.png 1200w, https:\/\/www.videlio.com\/wp-content\/uploads\/2021\/09\/VIDELIO_Carte-europe-300x300.png 300w, https:\/\/www.videlio.com\/wp-content\/uploads\/2021\/09\/VIDELIO_Carte-europe-1024x1024.png 1024w, https:\/\/www.videlio.com\/wp-content\/uploads\/2021\/09\/VIDELIO_Carte-europe-150x150.png 150w, https:\/\/www.videlio.com\/wp-content\/uploads\/2021\/09\/VIDELIO_Carte-europe-768x768.png 768w, https:\/\/www.videlio.com\/wp-content\/uploads\/2021\/09\/VIDELIO_Carte-europe-450x450.png 450w, https:\/\/www.videlio.com\/wp-content\/uploads\/2021\/09\/VIDELIO_Carte-europe-64x64.png 64w, https:\/\/www.videlio.com\/wp-content\/uploads\/2021\/09\/VIDELIO_Carte-europe-84x84.png 84w, https:\/\/www.videlio.com\/wp-content\/uploads\/2021\/09\/VIDELIO_Carte-europe-200x200.png 200w, https:\/\/www.videlio.com\/wp-content\/uploads\/2021\/09\/VIDELIO_Carte-europe-790x790.png 790w\" sizes=\"(max-width: 1200px) 100vw, 1200px\" \/><\/div>\n\t\t\t<\/figure>\n\t\t\t\n\t\t<\/div>[vc_empty_space]<a href=\"https:\/\/goo.gl\/maps\/mjDjtp5oHakovcUt7\" target= \"_blank\" class=\"hongo-button-2 btn btn-base btn-round alt-font btn-medium\">Itinerary<\/a>[vc_empty_space]<\/div><\/div><\/div><\/div><\/div><\/div><\/div><\/section><div class=\"vc_row-full-width vc_clearfix\"><\/div><section data-vc-full-width=\"true\" data-vc-full-width-init=\"false\" data-vc-parallax-image=\"0.5\" class=\"vc_row wpb_row vc_row-fluid  vc_custom_1630945741723   hongo-row-min-height wow fadeIn vc_row-has-fill hongo-stretch-content hongo-stretch-row-container parallax\" style=\"min-height: 150px;\"><div class=\"wpb_column vc_column_container vc_col-has-fill col-xs-mobile-fullwidth vc_col-sm-12 text-center sm-text-center\"><div class=\"vc_column-inner bg-position-right-top vc_custom_1628072340050\"><div class=\"wpb_wrapper\"><div class=\"vc_row wpb_row vc_inner vc_row-fluid  vc_custom_1630945588391 vc_row-has-fill bg-position-right-center\"><div class=\"wpb_column vc_column_container col-xs-mobile-fullwidth vc_col-sm-6 text-left sm-text-left\"><div class=\"vc_column-inner vc_custom_1628087933417\"><div class=\"wpb_wrapper\"><div id=\"accordion-style-1-1\" class=\"panel-group accordion-style-1 accordion-style-1-1\"><div class=\"panel\"><div class=\"panel-heading\"><a data-toggle=\"collapse\" data-parent=\"#accordion-style-1-1\" href=\"#accordion-one-link-2\"><div class=\"panel-title hongo_font_1632319526911 alt-font\">Videlio, audiovisual integrator for your company in Reims<span class=\"pull-right\"><i class=\"ti-arrow-circle-down\"><\/i><\/span><\/div><\/a><\/div><div id=\"accordion-one-link-2\" class=\"panel-collapse collapse\"><div class=\"panel-body hongo_font_1632319526913\"><ul>\n<li><a href=\"https:\/\/www.videlio.com\/expertises\/collaboration-globale\/\">Int\u00e9gration de solution de collaboration Reims<\/a><\/li>\n<li><a href=\"https:\/\/www.videlio.com\/expertises\/collaboration-globale\/\">Installation solution visioconf\u00e9rence Reims<\/a><\/li>\n<li><a href=\"https:\/\/www.videlio.com\/expertises\/collaboration-globale\/\">Installation solution vid\u00e9oconf\u00e9rence Reims<\/a><\/li>\n<li><a href=\"https:\/\/www.videlio.com\/expertises\/collaboration-globale\/\">Solution visioconf\u00e9rence s\u00e9curis\u00e9e Reims<\/a><\/li>\n<li><a href=\"https:\/\/www.videlio.com\/expertises\/collaboration-globale\/\">Solution interop\u00e9rabilit\u00e9 Reims<\/a><\/li>\n<li><a href=\"https:\/\/www.videlio.com\/expertises\/collaboration-globale\/\">Equipement salle de r\u00e9union Reims<\/a><\/li>\n<li><a href=\"https:\/\/www.videlio.com\/expertises\/collaboration-globale\/\">Equipement visioconf\u00e9rence Reims<\/a><\/li>\n<li><a href=\"https:\/\/www.videlio.com\/expertises\/integration-audiovisuelle\/\">Solution affichage dynamique Reims<\/a><\/li>\n<li><a href=\"https:\/\/www.videlio.com\/expertises\/collaboration-globale\/\">Equipement auditorium Reims<\/a><\/li>\n<\/ul>\n<\/div><\/div><\/div><\/div><\/div><\/div><\/div><div class=\"wpb_column vc_column_container col-xs-mobile-fullwidth vc_col-sm-6 text-left\"><div class=\"vc_column-inner vc_custom_1630945364820\"><div class=\"wpb_wrapper\"><div id=\"accordion-style-1-2\" class=\"panel-group accordion-style-1 accordion-style-1-2\"><div class=\"panel\"><div class=\"panel-heading\"><a data-toggle=\"collapse\" data-parent=\"#accordion-style-1-2\" href=\"#accordion-one-link-4\"><div class=\"panel-title hongo_font_1632319552293 alt-font\">Videlio, an audiovisual event service provider in Reims<span class=\"pull-right\"><i class=\"ti-arrow-circle-down\"><\/i><\/span><\/div><\/a><\/div><div id=\"accordion-one-link-4\" class=\"panel-collapse collapse\"><div class=\"panel-body hongo_font_1632319552294\"><ul>\n<li><a href=\"https:\/\/www.videlio.com\/expertises\/expertise-evenementielle\/\">Ev\u00e9nements distanciels Reims<\/a><\/li>\n<li><a href=\"https:\/\/www.videlio.com\/expertises\/expertise-evenementielle\/\">Ev\u00e9nements hybrides Reims<\/a><\/li>\n<li><a href=\"https:\/\/www.videlio.com\/expertises\/expertise-evenementielle\/\">Prestation audiovisuel Reims<\/a><\/li>\n<li><a href=\"https:\/\/www.videlio.com\/expertises\/expertise-evenementielle\/\">Prestation vid\u00e9o Reims<\/a><\/li>\n<li><a href=\"https:\/\/www.videlio.com\/expertises\/expertise-evenementielle\/\">Prestation son Reims<\/a><\/li>\n<li><a href=\"https:\/\/www.videlio.com\/expertises\/expertise-evenementielle\/\">Prestation lumi\u00e8re Reims<\/a><\/li>\n<li><a href=\"https:\/\/www.videlio.com\/expertises\/expertise-evenementielle\/\">Studio mobile Reims<\/a><\/li>\n<li><a href=\"https:\/\/www.videlio.com\/expertises\/expertise-evenementielle\/\">Ev\u00e9nement studio r\u00e9alit\u00e9 augment\u00e9e Reims<\/a><\/li>\n<li><a href=\"https:\/\/www.videlio.com\/expertises\/expertise-evenementielle\/\">Location \u00e9cran LED Reims<\/a><\/li>\n<li><a href=\"https:\/\/www.videlio.com\/expertises\/expertise-evenementielle\/\">Location \u00e9cran g\u00e9ant Reims<\/a><\/li>\n<li><a href=\"https:\/\/www.videlio.com\/expertises\/expertise-evenementielle\/\">Ev\u00e9nement mapping Reims<\/a><\/li>\n<li><a href=\"https:\/\/www.videlio.com\/expertises\/expertise-evenementielle\/\">Vid\u00e9oprojection Reims<\/a><\/li>\n<li><a href=\"https:\/\/www.videlio.com\/expertises\/expertise-evenementielle\/\">Location vid\u00e9oprojecteur Reims<\/a><\/li>\n<li><a href=\"https:\/\/www.videlio.com\/expertises\/expertise-evenementielle\/\">Streaming Reims<\/a><\/li>\n<li><a href=\"https:\/\/www.videlio.com\/expertises\/expertise-evenementielle\/\">Streaming live Reims<\/a><\/li>\n<li><a href=\"https:\/\/www.videlio.com\/expertises\/expertise-evenementielle\/\">Ev\u00e9nement streaming Reims<\/a><\/li>\n<li><a href=\"https:\/\/www.videlio.com\/expertises\/expertise-evenementielle\/\">Location studio Reims<\/a><\/li>\n<li><a href=\"https:\/\/www.videlio.com\/expertises\/expertise-evenementielle\/\">Captation vid\u00e9o Reims<\/a><\/li>\n<li><a href=\"https:\/\/www.videlio.com\/expertises\/expertise-evenementielle\/\">Hologramme Reims<\/a><\/li>\n<li><a href=\"https:\/\/www.videlio.com\/expertises\/expertise-evenementielle\/\">Live r\u00e9seaux sociaux Reims<\/a><\/li>\n<li><a href=\"https:\/\/www.videlio.com\/expertises\/expertise-evenementielle\/\">Projection architecturale Reims<\/a><\/li>\n<li><a href=\"https:\/\/www.videlio.com\/expertises\/expertise-evenementielle\/\">Location mat\u00e9riel son Reims<\/a><\/li>\n<li><a href=\"https:\/\/www.videlio.com\/expertises\/expertise-evenementielle\/\">Location \u00e9cran Reims<\/a><\/li>\n<li><a href=\"https:\/\/www.videlio.com\/expertises\/expertise-evenementielle\/\">Location mat\u00e9riel audiovisuel Reims<\/a><\/li>\n<li><a href=\"https:\/\/www.videlio.com\/expertises\/expertise-evenementielle\/\">Projection 360 Reims<\/a><\/li>\n<\/ul>\n<\/div><\/div><\/div><\/div><\/div><\/div><\/div><\/div><div class=\"vc_row wpb_row vc_inner vc_row-fluid\"><div class=\"wpb_column vc_column_container col-xs-mobile-fullwidth vc_col-sm-12 text-left sm-text-left\"><div class=\"vc_column-inner\"><div class=\"wpb_wrapper\">[vc_empty_space]<div class=\"text-block-content hongo-text-block-4 last-paragraph-no-margin\"><p>For all types of events: congresses, conventions, general meetings, festivals, speeches, product presentations, sports events, trade shows&#8230;<\/p>\n<\/div><\/div><\/div><\/div><\/div><\/div><\/div><\/div><\/section><div class=\"vc_row-full-width vc_clearfix\"><\/div><section data-vc-full-width=\"true\" data-vc-full-width-init=\"false\" data-vc-parallax-image=\"0.5\" class=\"vc_row wpb_row vc_row-fluid  vc_custom_1630942428956   vc_row-has-fill hongo-stretch-content hongo-stretch-row-container parallax\"><div class=\"wpb_column vc_column_container col-xs-mobile-fullwidth vc_col-sm-12\"><div class=\"vc_column-inner\"><div class=\"wpb_wrapper\"><div class=\"vc_row wpb_row vc_inner vc_row-fluid\"><div class=\"wpb_column vc_column_container col-xs-mobile-fullwidth vc_col-sm-4\"><div class=\"vc_column-inner\"><div class=\"wpb_wrapper\"><div class=\"text-block-content hongo-text-block-5 last-paragraph-no-margin\"><h2 style=\"text-align: left;\">Ready ?<\/h2>\n<\/div><div class=\"text-block-content hongo-text-block-6 vc_custom_1628087016669 last-paragraph-no-margin\"><h2 style=\"text-align: center; color: #ffffff;\"><strong>Discutons-en<\/strong><\/h2>\n<div id=\"gtx-trans\" style=\"position: absolute; left: 269px; top: 51.9062px;\">\n<div class=\"gtx-trans-icon\"><\/div>\n<\/div>\n<\/div><\/div><\/div><\/div><div class=\"wpb_column vc_column_container col-xs-mobile-fullwidth vc_col-sm-8\"><div class=\"vc_column-inner\"><div class=\"wpb_wrapper\">[vc_raw_html]JTNDaWZyYW1lJTIwc3JjJTNEJTIyaHR0cHMlM0ElMkYlMkZnby52aWRlbGlvLmNvbSUyRmwlMkY0OTMzODElMkYyMDIxLTA4LTA2JTJGNGtkMmpyJTIyJTIwd2lkdGglM0QlMjIxMDAlMjUlMjIlMjBoZWlnaHQlM0QlMjI1MDAlMjIlMjB0eXBlJTNEJTIydGV4dCUyRmh0bWwlMjIlMjBmcmFtZWJvcmRlciUzRCUyMjAlMjIlMjBhbGxvd1RyYW5zcGFyZW5jeSUzRCUyMnRydWUlMjIlMjBzdHlsZSUzRCUyMmJvcmRlciUzQSUyMDAlMjIlM0UlM0MlMkZpZnJhbWUlM0U=[\/vc_raw_html]<\/div><\/div><\/div><\/div>[vc_empty_space]<\/div><\/div><\/div><\/section><div class=\"vc_row-full-width vc_clearfix\"><\/div>\n<\/div>","protected":false},"excerpt":{"rendered":"[vc_empty_space]Provider of audiovisual services in Reims [vc_empty_space]Tel. : 03 26 85 63 63[vc_empty_space height=\"20px\"]17 Rue Robert Fulton 51100 Reims France [vc_empty_space]In the Champagne-Ardenne region, the Videlio teams integrate, deploy and maintain audiovisual systems. Whether for companies, events, media, post-production, hotels, public organisations, schools, associations... Our teams are available for your various audiovisual projects in Reims and the surrounding area: Ch\u00e2lons-en-Champagne, Epernay, Troyes, Charleville-M\u00e9zi\u00e8res, Ch\u00e2teau-Thierry or Laon [vc_empty_space]Itinerary[vc_empty_space]Videlio, audiovisual integrator for your company in Reims Int\u00e9gration de solution de collaboration Reims Installation solution visioconf\u00e9rence Reims Installation solution vid\u00e9oconf\u00e9rence Reims Solution visioconf\u00e9rence s\u00e9curis\u00e9e Reims Solution interop\u00e9rabilit\u00e9 Reims Equipement salle de r\u00e9union Reims Equipement visioconf\u00e9rence Reims Solution affichage dynamique Reims Equipement auditorium Reims Videlio, an audiovisual event service provider in Reims Ev\u00e9nements distanciels Reims Ev\u00e9nements hybrides Reims Prestation audiovisuel Reims Prestation vid\u00e9o Reims Prestation son Reims Prestation lumi\u00e8re Reims Studio mobile Reims Ev\u00e9nement studio r\u00e9alit\u00e9 augment\u00e9e Reims Location \u00e9cran LED Reims Location \u00e9cran g\u00e9ant Reims Ev\u00e9nement mapping Reims Vid\u00e9oprojection Reims Location vid\u00e9oprojecteur Reims Streaming Reims Streaming live Reims Ev\u00e9nement streaming Reims Location studio Reims Captation vid\u00e9o Reims Hologramme Reims Live r\u00e9seaux sociaux Reims Projection architecturale Reims Location mat\u00e9riel son Reims Location \u00e9cran Reims Location mat\u00e9riel audiovisuel Reims Projection 360 Reims [vc_empty_space]For all types...","protected":false},"author":19,"featured_media":0,"parent":104287,"menu_order":0,"comment_status":"closed","ping_status":"closed","template":"","meta":{"_acf_changed":false,"footnotes":""},"class_list":["post-104454","page","type-page","status-publish","hentry"],"acf":[],"_links":{"self":[{"href":"https:\/\/www.videlio.com\/en\/wp-json\/wp\/v2\/pages\/104454","targetHints":{"allow":["GET"]}}],"collection":[{"href":"https:\/\/www.videlio.com\/en\/wp-json\/wp\/v2\/pages"}],"about":[{"href":"https:\/\/www.videlio.com\/en\/wp-json\/wp\/v2\/types\/page"}],"author":[{"embeddable":true,"href":"https:\/\/www.videlio.com\/en\/wp-json\/wp\/v2\/users\/19"}],"replies":[{"embeddable":true,"href":"https:\/\/www.videlio.com\/en\/wp-json\/wp\/v2\/comments?post=104454"}],"version-history":[{"count":0,"href":"https:\/\/www.videlio.com\/en\/wp-json\/wp\/v2\/pages\/104454\/revisions"}],"up":[{"embeddable":true,"href":"https:\/\/www.videlio.com\/en\/wp-json\/wp\/v2\/pages\/104287"}],"wp:attachment":[{"href":"https:\/\/www.videlio.com\/en\/wp-json\/wp\/v2\/media?parent=104454"}],"curies":[{"name":"wp","href":"https:\/\/api.w.org\/{rel}","templated":true}]}}