{"id":103235,"date":"2021-08-09T12:52:23","date_gmt":"2021-08-09T10:52:23","guid":{"rendered":"https:\/\/videlio2021.pacom1.com\/agences-besancon\/"},"modified":"2021-09-14T17:24:17","modified_gmt":"2021-09-14T15:24:17","slug":"agences-besancon","status":"publish","type":"page","link":"https:\/\/www.videlio.com\/en\/sites\/agences-besancon\/","title":{"rendered":"Agencies &#8211; Besan\u00e7on"},"content":{"rendered":"<div class=\"wpb-content-wrapper\"><section data-vc-full-width=\"true\" data-vc-full-width-init=\"false\" data-vc-parallax-image=\"0.5\" class=\"vc_row wpb_row vc_row-fluid  vc_custom_1630945750397   hongo-row-min-height wow fadeIn vc_row-has-fill hongo-stretch-content hongo-stretch-row-container parallax\" style=\"min-height: 150px;\"><div class=\"wpb_column vc_column_container vc_col-has-fill col-xs-mobile-fullwidth vc_col-sm-12 text-center sm-text-center\"><div class=\"vc_column-inner bg-position-right-top vc_custom_1628072340050\"><div class=\"wpb_wrapper\"><div class=\"vc_row wpb_row vc_inner vc_row-fluid  vc_custom_1628516671995\"><div class=\"wpb_column vc_column_container col-xs-mobile-fullwidth vc_col-sm-4 text-left sm-text-left\"><div class=\"vc_column-inner\"><div class=\"wpb_wrapper\">[vc_empty_space]<div class=\"text-block-content hongo-text-block-1 last-paragraph-no-margin\"><h2 style=\"text-align: left;\">Audiovisual<br \/>\nservice provider<br \/>\nin <em>Besan\u00e7on<\/em><\/h2>\n<\/div>[vc_empty_space]<a href=\"tel:+33381403020\"  class=\"hongo-button-1 btn btn-base btn-round alt-font btn-large  hongo_button_1631613801298\"><i class=\"fas fa-phone-alt left-icon\" aria-hidden=\"true\"><\/i>T\u00e9l: +33 3 81 40 30 20<\/a>[vc_empty_space height=&#8221;20px&#8221;]<div class=\"text-block-content hongo-text-block-2 last-paragraph-no-margin\"><p style=\"text-align: left;\"><strong>2 rue Albert Einstein<\/strong><br \/>\n<strong>25000 Besan\u00e7on<\/strong><br \/>\n<strong>France<\/strong><\/p>\n<div id=\"gtx-trans\" style=\"position: absolute; left: -33px; top: 118px;\">\n<div class=\"gtx-trans-icon\"><\/div>\n<\/div>\n<\/div>[vc_empty_space]<div class=\"text-block-content hongo-text-block-3 last-paragraph-no-margin\"><p>In Franche-Comt\u00e9, the Videlio teams integrate, deploy and maintain audiovisual systems. Whether for companies, events, media, post-production, hotels, public organisations, schools, associations, etc.<\/p>\n<p>Our Byzantine teams are available for your various audiovisual projects in Besan\u00e7on and its surroundings: Vesoul, Dole, Pontarlier, Lure, Montb\u00e9liard, &#8230;<\/p>\n<\/div><\/div><\/div><\/div><div class=\"wpb_column vc_column_container col-xs-mobile-fullwidth vc_col-sm-8 text-center sm-text-center\"><div class=\"vc_column-inner\"><div class=\"wpb_wrapper\"><div class=\"wpb_single_image    hongo-full-width-single-image\">\n\t\t\t<figure class=\"wpb_wrapper vc_figure\">\n\t\t\t\t<div class=\"vc_single_image-wrapper  \"><img decoding=\"async\" width=\"1200\" height=\"1200\" src=\"https:\/\/www.videlio.com\/wp-content\/uploads\/2021\/09\/VIDELIO_Carte-europe.png\" class=\"vc_single_image-img attachment-full\" alt=\"\" title=\"VIDELIO_Carte-europe\" srcset=\"https:\/\/www.videlio.com\/wp-content\/uploads\/2021\/09\/VIDELIO_Carte-europe.png 1200w, https:\/\/www.videlio.com\/wp-content\/uploads\/2021\/09\/VIDELIO_Carte-europe-300x300.png 300w, https:\/\/www.videlio.com\/wp-content\/uploads\/2021\/09\/VIDELIO_Carte-europe-1024x1024.png 1024w, https:\/\/www.videlio.com\/wp-content\/uploads\/2021\/09\/VIDELIO_Carte-europe-150x150.png 150w, https:\/\/www.videlio.com\/wp-content\/uploads\/2021\/09\/VIDELIO_Carte-europe-768x768.png 768w, https:\/\/www.videlio.com\/wp-content\/uploads\/2021\/09\/VIDELIO_Carte-europe-450x450.png 450w, https:\/\/www.videlio.com\/wp-content\/uploads\/2021\/09\/VIDELIO_Carte-europe-64x64.png 64w, https:\/\/www.videlio.com\/wp-content\/uploads\/2021\/09\/VIDELIO_Carte-europe-84x84.png 84w, https:\/\/www.videlio.com\/wp-content\/uploads\/2021\/09\/VIDELIO_Carte-europe-200x200.png 200w, https:\/\/www.videlio.com\/wp-content\/uploads\/2021\/09\/VIDELIO_Carte-europe-790x790.png 790w\" sizes=\"(max-width: 1200px) 100vw, 1200px\" \/><\/div>\n\t\t\t<\/figure>\n\t\t\t\n\t\t<\/div>[vc_empty_space]<a href=\"https:\/\/goo.gl\/maps\/F71hVF7UonsRrpux6\" target= \"_blank\" class=\"hongo-button-2 btn btn-base btn-round alt-font btn-medium\">Itinerary<\/a>[vc_empty_space]<\/div><\/div><\/div><\/div><\/div><\/div><\/div><\/section><div class=\"vc_row-full-width vc_clearfix\"><\/div><section data-vc-full-width=\"true\" data-vc-full-width-init=\"false\" data-vc-parallax-image=\"0.5\" class=\"vc_row wpb_row vc_row-fluid  vc_custom_1630945741723   hongo-row-min-height wow fadeIn vc_row-has-fill hongo-stretch-content hongo-stretch-row-container parallax\" style=\"min-height: 150px;\"><div class=\"wpb_column vc_column_container vc_col-has-fill col-xs-mobile-fullwidth vc_col-sm-12 text-center sm-text-center\"><div class=\"vc_column-inner bg-position-right-top vc_custom_1628072340050\"><div class=\"wpb_wrapper\"><div class=\"vc_row wpb_row vc_inner vc_row-fluid  vc_custom_1630945588391 vc_row-has-fill bg-position-right-center\"><div class=\"wpb_column vc_column_container col-xs-mobile-fullwidth vc_col-sm-6 text-left sm-text-left\"><div class=\"vc_column-inner vc_custom_1628087933417\"><div class=\"wpb_wrapper\"><div id=\"accordion-style-1-1\" class=\"panel-group accordion-style-1 accordion-style-1-1\"><div class=\"panel\"><div class=\"panel-heading\"><a data-toggle=\"collapse\" data-parent=\"#accordion-style-1-1\" href=\"#accordion-one-link-2\"><div class=\"panel-title hongo_font_1630945512621 alt-font\">Videlio, int\u00e9grateur audiovisuel pour votre entreprise \u00e0 Besan\u00e7on<span class=\"pull-right\"><i class=\"ti-arrow-circle-down\"><\/i><\/span><\/div><\/a><\/div><div id=\"accordion-one-link-2\" class=\"panel-collapse collapse\"><div class=\"panel-body hongo_font_1630945512622\"><ul>\n<li><a href=\"https:\/\/www.videlio.com\/expertises\/collaboration-globale\/\">Int\u00e9gration de solution de collaboration Besan\u00e7on<\/a><\/li>\n<li><a href=\"https:\/\/www.videlio.com\/expertises\/collaboration-globale\/\">Installation solution visioconf\u00e9rence Besan\u00e7on<\/a><\/li>\n<li><a href=\"https:\/\/www.videlio.com\/expertises\/collaboration-globale\/\">Installation solution vid\u00e9oconf\u00e9rence Besan\u00e7on<\/a><\/li>\n<li><a href=\"https:\/\/www.videlio.com\/expertises\/collaboration-globale\/\">Solution visioconf\u00e9rence s\u00e9curis\u00e9e Besan\u00e7on<\/a><\/li>\n<li><a href=\"https:\/\/www.videlio.com\/expertises\/collaboration-globale\/\">Solution interop\u00e9rabilit\u00e9 Besan\u00e7on<\/a><\/li>\n<li><a href=\"https:\/\/www.videlio.com\/expertises\/collaboration-globale\/\">Equipement salle de r\u00e9union Besan\u00e7on<\/a><\/li>\n<li><a href=\"https:\/\/www.videlio.com\/expertises\/collaboration-globale\/\">Equipement visioconf\u00e9rence Besan\u00e7on<\/a><\/li>\n<li><a href=\"https:\/\/www.videlio.com\/expertises\/integration-audiovisuelle\/\">Solution affichage dynamique Besan\u00e7on<\/a><\/li>\n<li><a href=\"https:\/\/www.videlio.com\/expertises\/collaboration-globale\/\">Equipement auditorium Besan\u00e7on<\/a><\/li>\n<\/ul>\n<\/div><\/div><\/div><\/div><\/div><\/div><\/div><div class=\"wpb_column vc_column_container col-xs-mobile-fullwidth vc_col-sm-6 text-left\"><div class=\"vc_column-inner vc_custom_1630945364820\"><div class=\"wpb_wrapper\"><div id=\"accordion-style-1-2\" class=\"panel-group accordion-style-1 accordion-style-1-2\"><div class=\"panel\"><div class=\"panel-heading\"><a data-toggle=\"collapse\" data-parent=\"#accordion-style-1-2\" href=\"#accordion-one-link-4\"><div class=\"panel-title hongo_font_1631612547566 alt-font\">Videlio, un prestataire audiovisuel \u00e9v\u00e9nementiel \u00e0 Besan\u00e7on <span class=\"pull-right\"><i class=\"ti-arrow-circle-down\"><\/i><\/span><\/div><\/a><\/div><div id=\"accordion-one-link-4\" class=\"panel-collapse collapse\"><div class=\"panel-body hongo_font_1631612547567\"><ul>\n<li><a href=\"https:\/\/www.videlio.com\/expertises\/expertise-evenementielle\/\">Ev\u00e9nements distanciels Besan\u00e7on<\/a><\/li>\n<li><a href=\"https:\/\/www.videlio.com\/expertises\/expertise-evenementielle\/\">Ev\u00e9nements hybrides Besan\u00e7on<\/a><\/li>\n<li><a href=\"https:\/\/www.videlio.com\/expertises\/expertise-evenementielle\/\">Prestation audiovisuel Besan\u00e7on<\/a><\/li>\n<li><a href=\"https:\/\/www.videlio.com\/expertises\/expertise-evenementielle\/\">Prestation vid\u00e9o Besan\u00e7on<\/a><\/li>\n<li><a href=\"https:\/\/www.videlio.com\/expertises\/expertise-evenementielle\/\">Prestation son Besan\u00e7on<\/a><\/li>\n<li><a href=\"https:\/\/www.videlio.com\/expertises\/expertise-evenementielle\/\">Prestation lumi\u00e8re Besan\u00e7on<\/a><\/li>\n<li><a href=\"https:\/\/www.videlio.com\/expertises\/expertise-evenementielle\/\">Studio mobile Besan\u00e7on<\/a><\/li>\n<li><a href=\"https:\/\/www.videlio.com\/expertises\/expertise-evenementielle\/\">Ev\u00e9nement studio r\u00e9alit\u00e9 augment\u00e9e Besan\u00e7on<\/a><\/li>\n<li><a href=\"https:\/\/www.videlio.com\/expertises\/expertise-evenementielle\/\">Location \u00e9cran LED Besan\u00e7on<\/a><\/li>\n<li><a href=\"https:\/\/www.videlio.com\/expertises\/expertise-evenementielle\/\">Location \u00e9cran g\u00e9ant Besan\u00e7on<\/a><\/li>\n<li><a href=\"https:\/\/www.videlio.com\/expertises\/expertise-evenementielle\/\">Ev\u00e9nement mapping Besan\u00e7on<\/a><\/li>\n<li><a href=\"https:\/\/www.videlio.com\/expertises\/expertise-evenementielle\/\">Vid\u00e9oprojection Besan\u00e7on<\/a><\/li>\n<li><a href=\"https:\/\/www.videlio.com\/expertises\/expertise-evenementielle\/\">Location vid\u00e9oprojecteur Besan\u00e7on<\/a><\/li>\n<li><a href=\"https:\/\/www.videlio.com\/expertises\/expertise-evenementielle\/\">Streaming Besan\u00e7on<\/a><\/li>\n<li><a href=\"https:\/\/www.videlio.com\/expertises\/expertise-evenementielle\/\">Streaming live Besan\u00e7on<\/a><\/li>\n<li><a href=\"https:\/\/www.videlio.com\/expertises\/expertise-evenementielle\/\">Ev\u00e9nement streaming Besan\u00e7on<\/a><\/li>\n<li><a href=\"https:\/\/www.videlio.com\/expertises\/expertise-evenementielle\/\">Location studio Besan\u00e7on<\/a><\/li>\n<li><a href=\"https:\/\/www.videlio.com\/expertises\/expertise-evenementielle\/\">Captation vid\u00e9o Besan\u00e7on<\/a><\/li>\n<li><a href=\"https:\/\/www.videlio.com\/expertises\/expertise-evenementielle\/\">Hologramme Besan\u00e7on<\/a><\/li>\n<li><a href=\"https:\/\/www.videlio.com\/expertises\/expertise-evenementielle\/\">Live r\u00e9seaux sociaux Besan\u00e7on<\/a><\/li>\n<li><a href=\"https:\/\/www.videlio.com\/expertises\/expertise-evenementielle\/\">Projection architecturale Besan\u00e7on<\/a><\/li>\n<li><a href=\"https:\/\/www.videlio.com\/expertises\/expertise-evenementielle\/\">Location mat\u00e9riel son Besan\u00e7on<\/a><\/li>\n<li><a href=\"https:\/\/www.videlio.com\/expertises\/expertise-evenementielle\/\">Location \u00e9cran Besan\u00e7on<\/a><\/li>\n<li><a href=\"https:\/\/www.videlio.com\/expertises\/expertise-evenementielle\/\">Location mat\u00e9riel audiovisuel Besan\u00e7on<\/a><\/li>\n<li><a href=\"https:\/\/www.videlio.com\/expertises\/expertise-evenementielle\/\">Projection 360 Besan\u00e7on<\/a><\/li>\n<\/ul>\n<\/div><\/div><\/div><\/div><\/div><\/div><\/div><\/div><div class=\"vc_row wpb_row vc_inner vc_row-fluid\"><div class=\"wpb_column vc_column_container col-xs-mobile-fullwidth vc_col-sm-12 text-left sm-text-left\"><div class=\"vc_column-inner\"><div class=\"wpb_wrapper\">[vc_empty_space]<div class=\"text-block-content hongo-text-block-4 last-paragraph-no-margin\"><p>For all types of events: congresses, conventions, general meetings, festivals, speeches, product presentations, sports events, trade shows, etc.<\/p>\n<\/div><\/div><\/div><\/div><\/div><\/div><\/div><\/div><\/section><div class=\"vc_row-full-width vc_clearfix\"><\/div><section data-vc-full-width=\"true\" data-vc-full-width-init=\"false\" data-vc-parallax-image=\"0.5\" class=\"vc_row wpb_row vc_row-fluid  vc_custom_1630942428956   vc_row-has-fill hongo-stretch-content hongo-stretch-row-container parallax\"><div class=\"wpb_column vc_column_container col-xs-mobile-fullwidth vc_col-sm-12\"><div class=\"vc_column-inner\"><div class=\"wpb_wrapper\"><div class=\"vc_row wpb_row vc_inner vc_row-fluid\"><div class=\"wpb_column vc_column_container col-xs-mobile-fullwidth vc_col-sm-4\"><div class=\"vc_column-inner\"><div class=\"wpb_wrapper\"><div class=\"text-block-content hongo-text-block-5 last-paragraph-no-margin\"><h2 style=\"text-align: left;\">Ready to take<br \/>\nthe step?<\/h2>\n<\/div><div class=\"text-block-content hongo-text-block-6 vc_custom_1631633051998 last-paragraph-no-margin\"><h2 style=\"text-align: center; color: #ffffff;\"><strong>Let&#8217;s talk about it<\/strong><\/h2>\n<div id=\"gtx-trans\" style=\"position: absolute; left: 269px; top: 51.9062px;\">\n<div class=\"gtx-trans-icon\"><\/div>\n<\/div>\n<\/div><\/div><\/div><\/div><div class=\"wpb_column vc_column_container col-xs-mobile-fullwidth vc_col-sm-8\"><div class=\"vc_column-inner\"><div class=\"wpb_wrapper\">[vc_raw_html]JTNDaWZyYW1lJTIwc3JjJTNEJTIyaHR0cHMlM0ElMkYlMkZnby52aWRlbGlvLmNvbSUyRmwlMkY0OTMzODElMkYyMDIxLTA4LTA2JTJGNGtkMmpyJTIyJTIwd2lkdGglM0QlMjIxMDAlMjUlMjIlMjBoZWlnaHQlM0QlMjI1MDAlMjIlMjB0eXBlJTNEJTIydGV4dCUyRmh0bWwlMjIlMjBmcmFtZWJvcmRlciUzRCUyMjAlMjIlMjBhbGxvd1RyYW5zcGFyZW5jeSUzRCUyMnRydWUlMjIlMjBzdHlsZSUzRCUyMmJvcmRlciUzQSUyMDAlMjIlM0UlM0MlMkZpZnJhbWUlM0U=[\/vc_raw_html]<\/div><\/div><\/div><\/div>[vc_empty_space]<\/div><\/div><\/div><\/section><div class=\"vc_row-full-width vc_clearfix\"><\/div>\n<\/div>","protected":false},"excerpt":{"rendered":"[vc_empty_space]Audiovisual service provider in Besan\u00e7on [vc_empty_space]T\u00e9l: +33 3 81 40 30 20[vc_empty_space height=\"20px\"]2 rue Albert Einstein 25000 Besan\u00e7on France [vc_empty_space]In Franche-Comt\u00e9, the Videlio teams integrate, deploy and maintain audiovisual systems. Whether for companies, events, media, post-production, hotels, public organisations, schools, associations, etc. Our Byzantine teams are available for your various audiovisual projects in Besan\u00e7on and its surroundings: Vesoul, Dole, Pontarlier, Lure, Montb\u00e9liard, ... [vc_empty_space]Itinerary[vc_empty_space]Videlio, int\u00e9grateur audiovisuel pour votre entreprise \u00e0 Besan\u00e7on Int\u00e9gration de solution de collaboration Besan\u00e7on Installation solution visioconf\u00e9rence Besan\u00e7on Installation solution vid\u00e9oconf\u00e9rence Besan\u00e7on Solution visioconf\u00e9rence s\u00e9curis\u00e9e Besan\u00e7on Solution interop\u00e9rabilit\u00e9 Besan\u00e7on Equipement salle de r\u00e9union Besan\u00e7on Equipement visioconf\u00e9rence Besan\u00e7on Solution affichage dynamique Besan\u00e7on Equipement auditorium Besan\u00e7on Videlio, un prestataire audiovisuel \u00e9v\u00e9nementiel \u00e0 Besan\u00e7on Ev\u00e9nements distanciels Besan\u00e7on Ev\u00e9nements hybrides Besan\u00e7on Prestation audiovisuel Besan\u00e7on Prestation vid\u00e9o Besan\u00e7on Prestation son Besan\u00e7on Prestation lumi\u00e8re Besan\u00e7on Studio mobile Besan\u00e7on Ev\u00e9nement studio r\u00e9alit\u00e9 augment\u00e9e Besan\u00e7on Location \u00e9cran LED Besan\u00e7on Location \u00e9cran g\u00e9ant Besan\u00e7on Ev\u00e9nement mapping Besan\u00e7on Vid\u00e9oprojection Besan\u00e7on Location vid\u00e9oprojecteur Besan\u00e7on Streaming Besan\u00e7on Streaming live Besan\u00e7on Ev\u00e9nement streaming Besan\u00e7on Location studio Besan\u00e7on Captation vid\u00e9o Besan\u00e7on Hologramme Besan\u00e7on Live r\u00e9seaux sociaux Besan\u00e7on Projection architecturale Besan\u00e7on Location mat\u00e9riel son Besan\u00e7on Location \u00e9cran Besan\u00e7on Location mat\u00e9riel audiovisuel Besan\u00e7on Projection 360 Besan\u00e7on [vc_empty_space]For all types of events: congresses, conventions,...","protected":false},"author":19,"featured_media":0,"parent":104287,"menu_order":0,"comment_status":"closed","ping_status":"closed","template":"","meta":{"_acf_changed":false,"footnotes":""},"class_list":["post-103235","page","type-page","status-publish","hentry"],"acf":[],"_links":{"self":[{"href":"https:\/\/www.videlio.com\/en\/wp-json\/wp\/v2\/pages\/103235","targetHints":{"allow":["GET"]}}],"collection":[{"href":"https:\/\/www.videlio.com\/en\/wp-json\/wp\/v2\/pages"}],"about":[{"href":"https:\/\/www.videlio.com\/en\/wp-json\/wp\/v2\/types\/page"}],"author":[{"embeddable":true,"href":"https:\/\/www.videlio.com\/en\/wp-json\/wp\/v2\/users\/19"}],"replies":[{"embeddable":true,"href":"https:\/\/www.videlio.com\/en\/wp-json\/wp\/v2\/comments?post=103235"}],"version-history":[{"count":0,"href":"https:\/\/www.videlio.com\/en\/wp-json\/wp\/v2\/pages\/103235\/revisions"}],"up":[{"embeddable":true,"href":"https:\/\/www.videlio.com\/en\/wp-json\/wp\/v2\/pages\/104287"}],"wp:attachment":[{"href":"https:\/\/www.videlio.com\/en\/wp-json\/wp\/v2\/media?parent=103235"}],"curies":[{"name":"wp","href":"https:\/\/api.w.org\/{rel}","templated":true}]}}