{"id":99553,"date":"2021-08-03T15:06:30","date_gmt":"2021-08-03T13:06:30","guid":{"rendered":"http:\/\/videlio-2021.site\/?page_id=99553"},"modified":"2024-07-16T11:56:06","modified_gmt":"2024-07-16T09:56:06","slug":"expertises","status":"publish","type":"page","link":"https:\/\/www.videlio.com\/agences\/geneve-suisse\/expertises\/","title":{"rendered":"Expertises"},"content":{"rendered":"<div class=\"wpb-content-wrapper\"><section class=\"vc_row wpb_row vc_row-fluid  vc_custom_1714287846652   wow fadeIn vc_row-has-fill vc_row-o-content-middle vc_row-flex\"><div class=\"wpb_column vc_column_container col-xs-mobile-fullwidth vc_col-sm-1\"><div class=\"vc_column-inner\"><div class=\"wpb_wrapper\"><\/div><\/div><\/div><div class=\"wpb_column vc_column_container col-xs-mobile-fullwidth vc_col-sm-10\"><div class=\"vc_column-inner\"><div class=\"wpb_wrapper\"><div class=\"vc_row wpb_row vc_inner vc_row-fluid   vc_row-o-content-top vc_row-flex\"><div class=\"wpb_column vc_column_container col-xs-mobile-fullwidth vc_col-sm-12 text-center md-text-center sm-text-center xs-text-center\"><div class=\"vc_column-inner  hongo_responsive_1715093588948\"><div class=\"wpb_wrapper\"><div class=\"text-block-content hongo-text-block-1 last-paragraph-no-margin\"><div title=\"text-uppercase\">\n<h1 class=\"text-uppercase margin-15px-bottom h1\"><span class=\"d-block\">NOS DOMAINES <\/span><span class=\"rose-dot-after\">D\u2019EXPERTISES<\/span><\/h1>\n<\/div>\n<\/div><div class=\"text-block-content hongo-text-block-2 last-paragraph-no-margin\"><h3 class=\"text-extra-large big-subtitle\">D\u00e9couvrez les solutions phares de Videlio Suisse, expert en int\u00e9gration audiovisuelle et en solutions collaboratives pour votre lieu de travail.<\/h3>\n<\/div><\/div><\/div><\/div><\/div><\/div><\/div><\/div><div class=\"wpb_column vc_column_container col-xs-mobile-fullwidth vc_col-sm-1\"><div class=\"vc_column-inner\"><div class=\"wpb_wrapper\"><\/div><\/div><\/div><\/section><section data-vc-full-width=\"true\" data-vc-full-width-init=\"false\" data-vc-stretch-content=\"true\" class=\"vc_row wpb_row vc_row-fluid scroll-section    wow fadeIn hongo-stretch-content vc_row-no-padding hongo-stretch-content-fluid vc_row-o-equal-height vc_row-flex\"><div class=\"wpb_column vc_column_container col-xs-mobile-fullwidth vc_col-sm-6 vc_hidden-xs\"><div class=\"vc_column-inner\"><div class=\"wpb_wrapper\"><div class=\"vc_row wpb_row vc_inner vc_row-fluid   vc_row-o-content-middle vc_row-flex\"><div class=\"wpb_column vc_column_container progress-container col-xs-mobile-fullwidth vc_col-sm-12\"><div class=\"vc_column-inner\"><div class=\"wpb_wrapper\"><ul class=\"list-style list-style-1 list-style1-1\"><li><a href=\"#row-digital\">INT\u00c9GRATION AUDIOVISUELLE<\/a><\/li><li><a href=\"#row-station-141\">SOLUTIONS COLLABORATIVES <br \/>- SMART WORKPLACE<\/a><\/li><\/ul><\/div><\/div><\/div><\/div><div class=\"vc_row wpb_row vc_inner vc_row-fluid   vc_row-o-content-middle vc_row-flex\"><div class=\"wpb_column vc_column_container images-container col-xs-mobile-fullwidth vc_col-sm-12\"><div class=\"vc_column-inner\"><div class=\"wpb_wrapper\"><div id=\"img-row-digital\" class=\"wpb_single_image vc_align_left   hongo-full-width-single-image\">\n\t\t\t<figure class=\"wpb_wrapper vc_figure\">\n\t\t\t\t<div class=\"vc_single_image-wrapper  \"><img loading=\"lazy\" decoding=\"async\" width=\"950\" height=\"1080\" src=\"https:\/\/www.videlio.com\/agences\/geneve-suisse\/wp-content\/uploads\/2024\/05\/pack-visio-premium-y.png\" class=\"vc_single_image-img attachment-full\" alt=\"\" title=\"pack-visio-premium-y\" srcset=\"https:\/\/www.videlio.com\/agences\/geneve-suisse\/wp-content\/uploads\/2024\/05\/pack-visio-premium-y.png 950w, https:\/\/www.videlio.com\/agences\/geneve-suisse\/wp-content\/uploads\/2024\/05\/pack-visio-premium-y-264x300.png 264w, https:\/\/www.videlio.com\/agences\/geneve-suisse\/wp-content\/uploads\/2024\/05\/pack-visio-premium-y-901x1024.png 901w, https:\/\/www.videlio.com\/agences\/geneve-suisse\/wp-content\/uploads\/2024\/05\/pack-visio-premium-y-768x873.png 768w, https:\/\/www.videlio.com\/agences\/geneve-suisse\/wp-content\/uploads\/2024\/05\/pack-visio-premium-y-84x95.png 84w, https:\/\/www.videlio.com\/agences\/geneve-suisse\/wp-content\/uploads\/2024\/05\/pack-visio-premium-y-200x227.png 200w, https:\/\/www.videlio.com\/agences\/geneve-suisse\/wp-content\/uploads\/2024\/05\/pack-visio-premium-y-450x512.png 450w, https:\/\/www.videlio.com\/agences\/geneve-suisse\/wp-content\/uploads\/2024\/05\/pack-visio-premium-y-695x790.png 695w\" sizes=\"auto, (max-width: 950px) 100vw, 950px\" \/><\/div>\n\t\t\t<\/figure>\n\t\t\t\n\t\t<\/div><div id=\"img-row-station-141\" class=\"wpb_single_image vc_align_left   hongo-full-width-single-image\">\n\t\t\t<figure class=\"wpb_wrapper vc_figure\">\n\t\t\t\t<div class=\"vc_single_image-wrapper  \"><img loading=\"lazy\" decoding=\"async\" width=\"950\" height=\"1080\" src=\"https:\/\/www.videlio.com\/agences\/geneve-suisse\/wp-content\/uploads\/2024\/05\/location-studio-enre.png\" class=\"vc_single_image-img attachment-full\" alt=\"\" title=\"location-studio-enre\" srcset=\"https:\/\/www.videlio.com\/agences\/geneve-suisse\/wp-content\/uploads\/2024\/05\/location-studio-enre.png 950w, https:\/\/www.videlio.com\/agences\/geneve-suisse\/wp-content\/uploads\/2024\/05\/location-studio-enre-264x300.png 264w, https:\/\/www.videlio.com\/agences\/geneve-suisse\/wp-content\/uploads\/2024\/05\/location-studio-enre-901x1024.png 901w, https:\/\/www.videlio.com\/agences\/geneve-suisse\/wp-content\/uploads\/2024\/05\/location-studio-enre-768x873.png 768w, https:\/\/www.videlio.com\/agences\/geneve-suisse\/wp-content\/uploads\/2024\/05\/location-studio-enre-84x95.png 84w, https:\/\/www.videlio.com\/agences\/geneve-suisse\/wp-content\/uploads\/2024\/05\/location-studio-enre-200x227.png 200w, https:\/\/www.videlio.com\/agences\/geneve-suisse\/wp-content\/uploads\/2024\/05\/location-studio-enre-450x512.png 450w, https:\/\/www.videlio.com\/agences\/geneve-suisse\/wp-content\/uploads\/2024\/05\/location-studio-enre-695x790.png 695w\" sizes=\"auto, (max-width: 950px) 100vw, 950px\" \/><\/div>\n\t\t\t<\/figure>\n\t\t\t\n\t\t<\/div><\/div><\/div><\/div><\/div><\/div><\/div><\/div><div class=\"wpb_column vc_column_container col-xs-mobile-fullwidth vc_col-sm-6 vc_hidden-xs\"><div class=\"vc_column-inner\"><div class=\"wpb_wrapper\"><div id=\"row-digital\" class=\"vc_row wpb_row vc_inner vc_row-fluid   vc_row-o-content-middle vc_row-flex\"><div class=\"wpb_column vc_column_container content-container--item col-xs-mobile-fullwidth vc_col-sm-12\"><div class=\"vc_column-inner\"><div class=\"wpb_wrapper\"><div class=\"text-block-content hongo-text-block-3 last-paragraph-no-margin\"><div title=\"text-uppercase\">\n<h2 class=\"text-uppercase margin-15px-bottom h1\"><span class=\"display-block\">Int\u00e9gration <\/span><span class=\"color-rose\"><strong>audiovisuelle<\/strong><\/span><\/h2>\n<\/div>\n<\/div><div class=\"text-block-content hongo-text-block-4 last-paragraph-no-margin\"><p>Videlio <strong>con\u00e7oit, installe<\/strong> et <strong>g\u00e8re l\u2019int\u00e9gration<\/strong> de <strong>solutions audiovisuelles<\/strong> pour les entreprises. Nous \u00e9quipons les <strong>salles de r\u00e9union<\/strong>, les <strong>salles de conseil<\/strong>, les <strong>auditoriums<\/strong>, les<strong> amphith\u00e9\u00e2tres<\/strong>. Videlio accompagne la transformation de votre environnement de travail et de vos usages, au service de vos collaborateurs et de vos publics : <em>affichage dynamique,<\/em> <strong>communication unifi\u00e9e, smart building, installations immersives, studios audiovisuels, showroom<\/strong>.<\/p>\n<\/div>[vc_empty_space height=&#8221;40px&#8221;]<a href=\"https:\/\/www.videlio.com\/agences\/geneve-suisse\/contactez-nous\/\"  class=\"hongo-button-1 btn btn-transparent-black btn-round alt-font btn-medium  hongo_button_1721123860628\">Contactez-nous<\/a><\/div><\/div><\/div><\/div><div id=\"row-station-141\" class=\"vc_row wpb_row vc_inner vc_row-fluid   vc_row-o-content-middle vc_row-flex\"><div class=\"wpb_column vc_column_container content-container--item display-none col-xs-mobile-fullwidth vc_col-sm-12\"><div class=\"vc_column-inner\"><div class=\"wpb_wrapper\"><div class=\"text-block-content hongo-text-block-5 last-paragraph-no-margin\"><div title=\"text-uppercase\">\n<h2 class=\"text-uppercase margin-15px-bottom h1\"><span class=\"display-block\">Solutions Collaboratives <\/span><span class=\"color-rose\"><strong>&#8211; Smart Workplace<\/strong><\/span><\/h2>\n<\/div>\n<\/div><div class=\"text-block-content hongo-text-block-6 last-paragraph-no-margin\"><p>Situ\u00e9e aux portes de Paris, la Station 141 vous propose la location de studios d\u2019enregistrement pour tous vos contenus audiovisuels : \u00e9v\u00e9nements en direct ou diff\u00e9r\u00e9, production de vid\u00e9os, de publicit\u00e9s, de clips, d\u2019\u00e9missions. Gr\u00e2ce \u00e0 la technologie Remote Production, nous produisons des \u00e9v\u00e9nements, capt\u00e9s n\u2019importe o\u00f9 sur le globe, et stream\u00e9s via La Station 141.<\/p>\n<\/div>[vc_empty_space height=&#8221;40px&#8221;]<a href=\"https:\/\/www.videlio.com\/agences\/geneve-suisse\/contactez-nous\/\"  class=\"hongo-button-2 btn btn-transparent-black btn-round alt-font btn-medium  hongo_button_1721123878282\">Contactez-nous<\/a><\/div><\/div><\/div><\/div><\/div><\/div><\/div><\/section><div class=\"vc_row-full-width vc_clearfix\"><\/div><section class=\"vc_row wpb_row vc_row-fluid section-mb vc_custom_1714287945935   wow fadeIn\"><div class=\"wpb_column vc_column_container col-xs-mobile-fullwidth vc_col-sm-12 vc_hidden-lg vc_hidden-md vc_hidden-sm\"><div class=\"vc_column-inner\"><div class=\"wpb_wrapper\">[vc_tta_accordion c_align=&#8221;left&#8221; c_position=&#8221;right&#8221; active_section=&#8221;1&#8243;][vc_tta_section title=&#8221;INT\u00c9GRATION AUDIOVISUELLE&#8221; tab_id=&#8221;1711594145470-9b8422c8-6b2b&#8221;]<div class=\"vc_row wpb_row vc_inner vc_row-fluid   vc_row-o-content-middle vc_row-flex\"><div class=\"wpb_column vc_column_container col-xs-mobile-fullwidth vc_col-sm-6\"><div class=\"vc_column-inner\"><div class=\"wpb_wrapper\"><div class=\"wpb_single_image vc_align_left   hongo-full-width-single-image\">\n\t\t\t<figure class=\"wpb_wrapper vc_figure\">\n\t\t\t\t<div class=\"vc_single_image-wrapper  \"><img loading=\"lazy\" decoding=\"async\" width=\"950\" height=\"1080\" src=\"https:\/\/www.videlio.com\/agences\/geneve-suisse\/wp-content\/uploads\/2024\/05\/pack-visio-premium-y.png\" class=\"vc_single_image-img attachment-full\" alt=\"\" title=\"pack-visio-premium-y\" srcset=\"https:\/\/www.videlio.com\/agences\/geneve-suisse\/wp-content\/uploads\/2024\/05\/pack-visio-premium-y.png 950w, https:\/\/www.videlio.com\/agences\/geneve-suisse\/wp-content\/uploads\/2024\/05\/pack-visio-premium-y-264x300.png 264w, https:\/\/www.videlio.com\/agences\/geneve-suisse\/wp-content\/uploads\/2024\/05\/pack-visio-premium-y-901x1024.png 901w, https:\/\/www.videlio.com\/agences\/geneve-suisse\/wp-content\/uploads\/2024\/05\/pack-visio-premium-y-768x873.png 768w, https:\/\/www.videlio.com\/agences\/geneve-suisse\/wp-content\/uploads\/2024\/05\/pack-visio-premium-y-84x95.png 84w, https:\/\/www.videlio.com\/agences\/geneve-suisse\/wp-content\/uploads\/2024\/05\/pack-visio-premium-y-200x227.png 200w, https:\/\/www.videlio.com\/agences\/geneve-suisse\/wp-content\/uploads\/2024\/05\/pack-visio-premium-y-450x512.png 450w, https:\/\/www.videlio.com\/agences\/geneve-suisse\/wp-content\/uploads\/2024\/05\/pack-visio-premium-y-695x790.png 695w\" sizes=\"auto, (max-width: 950px) 100vw, 950px\" \/><\/div>\n\t\t\t<\/figure>\n\t\t\t\n\t\t<\/div><\/div><\/div><\/div><div class=\"wpb_column vc_column_container content-left col-xs-mobile-fullwidth vc_col-sm-6\"><div class=\"vc_column-inner vc_custom_1711599892921\"><div class=\"wpb_wrapper\"><div class=\"text-block-content hongo-text-block-7 last-paragraph-no-margin\"><h3 style=\"text-align: center;\">INT\u00c9GRATION <strong class=\"color-rose\">AUDIOVISUELLE<\/strong><\/h3>\n<\/div><div class=\"text-block-content text-center hongo-text-block-8 last-paragraph-no-margin\"><p>Videlio <strong>con\u00e7oit, installe<\/strong> et <strong>g\u00e8re l\u2019int\u00e9gration<\/strong> de <strong>solutions audiovisuelles<\/strong> pour les entreprises. Nous \u00e9quipons les <strong>salles de r\u00e9union<\/strong>, les <strong>salles de conseil<\/strong>, les <strong>auditoriums<\/strong>, les<strong> amphith\u00e9\u00e2tres<\/strong>. Videlio accompagne la transformation de votre environnement de travail et de vos usages, au service de vos collaborateurs et de vos publics : <em>affichage dynamique,<\/em> <strong>communication unifi\u00e9e, smart building, installations immersives, studios audiovisuels, showroom<\/strong>.<\/p>\n<\/div>[vc_empty_space height=&#8221;40px&#8221;]<a href=\"https:\/\/www.videlio.com\/agences\/geneve-suisse\/expertises\/integrateur-audiovisuel\/\"  class=\"hongo-button-3 btn btn-transparent-black btn-round alt-font btn-medium  hongo_button_1715095059858\">D\u00e9couvrir plus<\/a><\/div><\/div><\/div><\/div>[\/vc_tta_section][vc_tta_section tab_id=&#8221;1711594145512-184adbcc-e74e&#8221; title=&#8221;SOLUTIONS COLLABORATIVES &#8211; SMART WORKPLACE&#8221;]<div class=\"vc_row wpb_row vc_inner vc_row-fluid   vc_row-o-content-middle vc_row-flex\"><div class=\"wpb_column vc_column_container col-xs-mobile-fullwidth vc_col-sm-6\"><div class=\"vc_column-inner\"><div class=\"wpb_wrapper\"><div class=\"wpb_single_image vc_align_left   hongo-full-width-single-image\">\n\t\t\t<figure class=\"wpb_wrapper vc_figure\">\n\t\t\t\t<div class=\"vc_single_image-wrapper  \"><img loading=\"lazy\" decoding=\"async\" width=\"950\" height=\"1080\" src=\"https:\/\/www.videlio.com\/agences\/geneve-suisse\/wp-content\/uploads\/2024\/05\/location-studio-enre.png\" class=\"vc_single_image-img attachment-full\" alt=\"\" title=\"location-studio-enre\" srcset=\"https:\/\/www.videlio.com\/agences\/geneve-suisse\/wp-content\/uploads\/2024\/05\/location-studio-enre.png 950w, https:\/\/www.videlio.com\/agences\/geneve-suisse\/wp-content\/uploads\/2024\/05\/location-studio-enre-264x300.png 264w, https:\/\/www.videlio.com\/agences\/geneve-suisse\/wp-content\/uploads\/2024\/05\/location-studio-enre-901x1024.png 901w, https:\/\/www.videlio.com\/agences\/geneve-suisse\/wp-content\/uploads\/2024\/05\/location-studio-enre-768x873.png 768w, https:\/\/www.videlio.com\/agences\/geneve-suisse\/wp-content\/uploads\/2024\/05\/location-studio-enre-84x95.png 84w, https:\/\/www.videlio.com\/agences\/geneve-suisse\/wp-content\/uploads\/2024\/05\/location-studio-enre-200x227.png 200w, https:\/\/www.videlio.com\/agences\/geneve-suisse\/wp-content\/uploads\/2024\/05\/location-studio-enre-450x512.png 450w, https:\/\/www.videlio.com\/agences\/geneve-suisse\/wp-content\/uploads\/2024\/05\/location-studio-enre-695x790.png 695w\" sizes=\"auto, (max-width: 950px) 100vw, 950px\" \/><\/div>\n\t\t\t<\/figure>\n\t\t\t\n\t\t<\/div><\/div><\/div><\/div><div class=\"wpb_column vc_column_container content-left col-xs-mobile-fullwidth vc_col-sm-6\"><div class=\"vc_column-inner vc_custom_1711600137529\"><div class=\"wpb_wrapper\"><div class=\"text-block-content text-center hongo-text-block-9 last-paragraph-no-margin\"><div title=\"text-uppercase\">\n<h2 class=\"text-uppercase margin-15px-bottom h1\"><span class=\"display-block\">Solutions Collaboratives <\/span><span class=\"color-rose\"><strong>&#8211; Smart Workplace<\/strong><\/span><\/h2>\n<\/div>\n<\/div><div class=\"text-block-content text-center hongo-text-block-10 last-paragraph-no-margin\"><p>Situ\u00e9e aux portes de Paris, la Station 141 vous propose la location de studios d\u2019enregistrement pour tous vos contenus audiovisuels : \u00e9v\u00e9nements en direct ou diff\u00e9r\u00e9, production de vid\u00e9os, de publicit\u00e9s, de clips, d\u2019\u00e9missions. Gr\u00e2ce \u00e0 la technologie Remote Production, nous produisons des \u00e9v\u00e9nements, capt\u00e9s n\u2019importe o\u00f9 sur le globe, et stream\u00e9s via La Station 141.<\/p>\n<\/div>[vc_empty_space height=&#8221;50px&#8221;]<a href=\"https:\/\/www.videlio.com\/agences\/geneve-suisse\/expertises\/prestataire-technique-evenementiel\/offre-location-studio-enregistrement-video\/\"  class=\"hongo-button-4 btn btn-transparent-black btn-round alt-font btn-medium  hongo_button_1715095036281\">D\u00e9couvrir plus<\/a><\/div><\/div><\/div><\/div>[\/vc_tta_section][\/vc_tta_accordion]<\/div><\/div><\/div><\/section><section data-vc-full-width=\"true\" data-vc-full-width-init=\"false\" class=\"vc_row wpb_row vc_row-fluid  vc_custom_1714287961834   wow fadeIn vc_row-has-fill hongo-stretch-content hongo-stretch-row-container vc_row-o-content-middle vc_row-flex\"><div class=\"wpb_column vc_column_container section-vos-besoins col-xs-mobile-fullwidth vc_col-sm-12\"><div class=\"vc_column-inner\"><div class=\"wpb_wrapper\"><div class=\"vc_row wpb_row vc_inner vc_row-fluid\"><div class=\"wpb_column vc_column_container col-xs-mobile-fullwidth vc_col-sm-5\"><div class=\"vc_column-inner\"><div class=\"wpb_wrapper\"><div class=\"text-block-content hongo-text-block-11 last-paragraph-no-margin\"><h3 class=\"h1 no-margin-top\"><span class=\"display-block\">VOS BESOINS D\u2019INT\u00c9GRATION<\/span> <strong class=\"display-block rose-dot-after\">ET DE SERVICES AUDIOVISUELS<\/strong><\/h3>\n<\/div><\/div><\/div><\/div><div class=\"wpb_column vc_column_container col-xs-mobile-fullwidth vc_col-sm-7\"><div class=\"vc_column-inner\"><div class=\"wpb_wrapper\"><div class=\"text-block-content hongo-text-block-12 last-paragraph-no-margin\"><p>Chez Videlio Suisse, nous comprenons l\u2019importance d\u2019offrir des <strong>solutions sur mesure<\/strong> qui correspondent pr\u00e9cis\u00e9ment \u00e0 vos exigences. Que vous souhaitiez <strong>optimiser une salle de conf\u00e9rence, int\u00e9grer de nouvelles technologies de diffusion ou am\u00e9liorer la formation de votre personnel<\/strong>, notre \u00e9quipe est l\u00e0 pour vous guider. Nous alignons nos services \u00e0 vos objectifs, garantissant ainsi des <strong>r\u00e9sultats qui surpassent les attentes<\/strong> et renforcent votre positionnement sur le march\u00e9.<\/p>\n<\/div>[vc_empty_space height=&#8221;50px&#8221;]<a href=\"https:\/\/www.videlio.com\/agences\/geneve-suisse\/contactez-nous\/\"  class=\"hongo-button-5 btn btn-transparent-black btn-round alt-font btn-medium  hongo_button_1715097555237\">Contactez nos experts<\/a><\/div><\/div><\/div><\/div><\/div><\/div><\/div><\/section><div class=\"vc_row-full-width vc_clearfix\"><\/div><section data-vc-full-width=\"true\" data-vc-full-width-init=\"false\" class=\"vc_row wpb_row vc_row-fluid     wow fadeIn hongo-stretch-content hongo-stretch-row-container vc_row-o-content-middle vc_row-flex\"><div class=\"wpb_column vc_column_container section-videlio col-xs-mobile-fullwidth vc_col-sm-12\"><div class=\"vc_column-inner\"><div class=\"wpb_wrapper\"><div class=\"text-block-content hongo-text-block-13 last-paragraph-no-margin\"><h3 class=\"h1\" style=\"text-align: center;\">VID\u00c9LIO OP\u00c8RE SUR TOUS LES SECTEURS <strong class=\"rose-dot-after\">D\u2019ACTIVIT\u00c9<\/strong><\/h3>\n<\/div><div class=\"text-block-content hongo-text-block-14 last-paragraph-no-margin\"><p style=\"text-align: center;\">En tant qu\u2019int\u00e9grateur de solutions audiovisuelles, le groupe Vid\u00e9lio accompagne les entreprises issues de tous les secteurs d\u2019activit\u00e9 : industrie, immobilier, \u00e9ducation, \u00e9nergie, banque, assurance, D\u00e9fense, organisation publique, luxe\u2026<\/p>\n<p style=\"text-align: center;\">Vid\u00e9lio est structur\u00e9 autour d\u2019\u00e9quipes sp\u00e9cialis\u00e9es sur vos march\u00e9s, en parfaite connaissance des enjeux de votre secteur, de ses sp\u00e9cificit\u00e9s, de ses contraintes comme de ses opportunit\u00e9s.<\/p>\n<\/div>[vc_empty_space height=&#8221;98px&#8221;]<div class=\"vc_row wpb_row vc_inner vc_row-fluid content-images\"><div class=\"wpb_column vc_column_container col-xs-mobile-fullwidth vc_col-sm-3\"><div class=\"vc_column-inner\"><div class=\"wpb_wrapper\"><div class=\"wpb_single_image vc_align_center   hongo-full-width-single-image\">\n\t\t\t<figure class=\"wpb_wrapper vc_figure\">\n\t\t\t\t<div class=\"vc_single_image-wrapper  \"><img loading=\"lazy\" decoding=\"async\" width=\"314\" height=\"205\" src=\"https:\/\/www.videlio.com\/agences\/geneve-suisse\/wp-content\/uploads\/2024\/05\/CompositeLayer-1.png\" class=\"vc_single_image-img attachment-full\" alt=\"\" title=\"CompositeLayer (1)\" srcset=\"https:\/\/www.videlio.com\/agences\/geneve-suisse\/wp-content\/uploads\/2024\/05\/CompositeLayer-1.png 314w, https:\/\/www.videlio.com\/agences\/geneve-suisse\/wp-content\/uploads\/2024\/05\/CompositeLayer-1-300x196.png 300w, https:\/\/www.videlio.com\/agences\/geneve-suisse\/wp-content\/uploads\/2024\/05\/CompositeLayer-1-84x55.png 84w, https:\/\/www.videlio.com\/agences\/geneve-suisse\/wp-content\/uploads\/2024\/05\/CompositeLayer-1-200x131.png 200w\" sizes=\"auto, (max-width: 314px) 100vw, 314px\" \/><\/div>\n\t\t\t<\/figure>\n\t\t\t\n\t\t<\/div><\/div><\/div><\/div><div class=\"wpb_column vc_column_container col-xs-mobile-fullwidth vc_col-sm-3\"><div class=\"vc_column-inner\"><div class=\"wpb_wrapper\"><div class=\"wpb_single_image vc_align_center   hongo-full-width-single-image\">\n\t\t\t<figure class=\"wpb_wrapper vc_figure\">\n\t\t\t\t<div class=\"vc_single_image-wrapper  \"><img loading=\"lazy\" decoding=\"async\" width=\"313\" height=\"205\" src=\"https:\/\/www.videlio.com\/agences\/geneve-suisse\/wp-content\/uploads\/2024\/05\/CompositeLayer.png\" class=\"vc_single_image-img attachment-full\" alt=\"\" title=\"CompositeLayer\" srcset=\"https:\/\/www.videlio.com\/agences\/geneve-suisse\/wp-content\/uploads\/2024\/05\/CompositeLayer.png 313w, https:\/\/www.videlio.com\/agences\/geneve-suisse\/wp-content\/uploads\/2024\/05\/CompositeLayer-300x196.png 300w, https:\/\/www.videlio.com\/agences\/geneve-suisse\/wp-content\/uploads\/2024\/05\/CompositeLayer-84x55.png 84w, https:\/\/www.videlio.com\/agences\/geneve-suisse\/wp-content\/uploads\/2024\/05\/CompositeLayer-200x131.png 200w\" sizes=\"auto, (max-width: 313px) 100vw, 313px\" \/><\/div>\n\t\t\t<\/figure>\n\t\t\t\n\t\t<\/div><\/div><\/div><\/div><div class=\"wpb_column vc_column_container col-xs-mobile-fullwidth vc_col-sm-3\"><div class=\"vc_column-inner\"><div class=\"wpb_wrapper\"><div class=\"wpb_single_image vc_align_center   hongo-full-width-single-image\">\n\t\t\t<figure class=\"wpb_wrapper vc_figure\">\n\t\t\t\t<div class=\"vc_single_image-wrapper  \"><img loading=\"lazy\" decoding=\"async\" width=\"313\" height=\"205\" src=\"https:\/\/www.videlio.com\/agences\/geneve-suisse\/wp-content\/uploads\/2024\/05\/CompositeLayer-2.png\" class=\"vc_single_image-img attachment-full\" alt=\"\" title=\"CompositeLayer (2)\" srcset=\"https:\/\/www.videlio.com\/agences\/geneve-suisse\/wp-content\/uploads\/2024\/05\/CompositeLayer-2.png 313w, https:\/\/www.videlio.com\/agences\/geneve-suisse\/wp-content\/uploads\/2024\/05\/CompositeLayer-2-300x196.png 300w, https:\/\/www.videlio.com\/agences\/geneve-suisse\/wp-content\/uploads\/2024\/05\/CompositeLayer-2-84x55.png 84w, https:\/\/www.videlio.com\/agences\/geneve-suisse\/wp-content\/uploads\/2024\/05\/CompositeLayer-2-200x131.png 200w\" sizes=\"auto, (max-width: 313px) 100vw, 313px\" \/><\/div>\n\t\t\t<\/figure>\n\t\t\t\n\t\t<\/div><\/div><\/div><\/div><\/div><div class=\"vc_row wpb_row vc_inner vc_row-fluid content-images\"><div class=\"wpb_column vc_column_container col-xs-mobile-fullwidth vc_col-sm-3\"><div class=\"vc_column-inner\"><div class=\"wpb_wrapper\"><div class=\"wpb_single_image vc_align_center   hongo-full-width-single-image\">\n\t\t\t<figure class=\"wpb_wrapper vc_figure\">\n\t\t\t\t<div class=\"vc_single_image-wrapper  \"><img loading=\"lazy\" decoding=\"async\" width=\"314\" height=\"205\" src=\"https:\/\/www.videlio.com\/agences\/geneve-suisse\/wp-content\/uploads\/2024\/05\/CompositeLayer-3.png\" class=\"vc_single_image-img attachment-full\" alt=\"\" title=\"CompositeLayer (3)\" srcset=\"https:\/\/www.videlio.com\/agences\/geneve-suisse\/wp-content\/uploads\/2024\/05\/CompositeLayer-3.png 314w, https:\/\/www.videlio.com\/agences\/geneve-suisse\/wp-content\/uploads\/2024\/05\/CompositeLayer-3-300x196.png 300w, https:\/\/www.videlio.com\/agences\/geneve-suisse\/wp-content\/uploads\/2024\/05\/CompositeLayer-3-84x55.png 84w, https:\/\/www.videlio.com\/agences\/geneve-suisse\/wp-content\/uploads\/2024\/05\/CompositeLayer-3-200x131.png 200w\" sizes=\"auto, (max-width: 314px) 100vw, 314px\" \/><\/div>\n\t\t\t<\/figure>\n\t\t\t\n\t\t<\/div><\/div><\/div><\/div><div class=\"wpb_column vc_column_container col-xs-mobile-fullwidth vc_col-sm-3\"><div class=\"vc_column-inner\"><div class=\"wpb_wrapper\"><div class=\"wpb_single_image vc_align_center   hongo-full-width-single-image\">\n\t\t\t<figure class=\"wpb_wrapper vc_figure\">\n\t\t\t\t<div class=\"vc_single_image-wrapper  \"><img loading=\"lazy\" decoding=\"async\" width=\"313\" height=\"205\" src=\"https:\/\/www.videlio.com\/agences\/geneve-suisse\/wp-content\/uploads\/2024\/05\/CompositeLayer-4.png\" class=\"vc_single_image-img attachment-full\" alt=\"\" title=\"CompositeLayer (4)\" srcset=\"https:\/\/www.videlio.com\/agences\/geneve-suisse\/wp-content\/uploads\/2024\/05\/CompositeLayer-4.png 313w, https:\/\/www.videlio.com\/agences\/geneve-suisse\/wp-content\/uploads\/2024\/05\/CompositeLayer-4-300x196.png 300w, https:\/\/www.videlio.com\/agences\/geneve-suisse\/wp-content\/uploads\/2024\/05\/CompositeLayer-4-84x55.png 84w, https:\/\/www.videlio.com\/agences\/geneve-suisse\/wp-content\/uploads\/2024\/05\/CompositeLayer-4-200x131.png 200w\" sizes=\"auto, (max-width: 313px) 100vw, 313px\" \/><\/div>\n\t\t\t<\/figure>\n\t\t\t\n\t\t<\/div><\/div><\/div><\/div><div class=\"wpb_column vc_column_container col-xs-mobile-fullwidth vc_col-sm-3\"><div class=\"vc_column-inner\"><div class=\"wpb_wrapper\"><div class=\"wpb_single_image vc_align_center   hongo-full-width-single-image\">\n\t\t\t<figure class=\"wpb_wrapper vc_figure\">\n\t\t\t\t<div class=\"vc_single_image-wrapper  \"><img loading=\"lazy\" decoding=\"async\" width=\"313\" height=\"205\" src=\"https:\/\/www.videlio.com\/agences\/geneve-suisse\/wp-content\/uploads\/2024\/05\/CompositeLayer-5.png\" class=\"vc_single_image-img attachment-full\" alt=\"\" title=\"CompositeLayer (5)\" srcset=\"https:\/\/www.videlio.com\/agences\/geneve-suisse\/wp-content\/uploads\/2024\/05\/CompositeLayer-5.png 313w, https:\/\/www.videlio.com\/agences\/geneve-suisse\/wp-content\/uploads\/2024\/05\/CompositeLayer-5-300x196.png 300w, https:\/\/www.videlio.com\/agences\/geneve-suisse\/wp-content\/uploads\/2024\/05\/CompositeLayer-5-84x55.png 84w, https:\/\/www.videlio.com\/agences\/geneve-suisse\/wp-content\/uploads\/2024\/05\/CompositeLayer-5-200x131.png 200w\" sizes=\"auto, (max-width: 313px) 100vw, 313px\" \/><\/div>\n\t\t\t<\/figure>\n\t\t\t\n\t\t<\/div><\/div><\/div><\/div><\/div><\/div><\/div><\/div><\/section><div class=\"vc_row-full-width vc_clearfix\"><\/div><section data-vc-full-width=\"true\" data-vc-full-width-init=\"false\" data-vc-stretch-content=\"true\" class=\"vc_row wpb_row vc_row-fluid social-wrapper vc_custom_1714988507674   wow fadeIn vc_row-has-fill hongo-stretch-content hongo-stretch-content-fluid vc_row-o-content-middle vc_row-flex\"><div class=\"wpb_column vc_column_container col-xs-mobile-fullwidth vc_col-sm-6\"><div class=\"vc_column-inner vc_custom_1713526553436  hongo_responsive_1713526553438\"><div class=\"wpb_wrapper\"><div class=\"wpb_single_image vc_align_left   hongo-full-width-single-image\">\n\t\t\t<figure class=\"wpb_wrapper vc_figure\">\n\t\t\t\t<div class=\"vc_single_image-wrapper  \"><img loading=\"lazy\" decoding=\"async\" width=\"952\" height=\"1050\" src=\"https:\/\/www.videlio.com\/agences\/geneve-suisse\/wp-content\/uploads\/2024\/05\/Photo-services-1.png\" class=\"vc_single_image-img attachment-full\" alt=\"\" title=\"Photo services (1)\" srcset=\"https:\/\/www.videlio.com\/agences\/geneve-suisse\/wp-content\/uploads\/2024\/05\/Photo-services-1.png 952w, https:\/\/www.videlio.com\/agences\/geneve-suisse\/wp-content\/uploads\/2024\/05\/Photo-services-1-272x300.png 272w, https:\/\/www.videlio.com\/agences\/geneve-suisse\/wp-content\/uploads\/2024\/05\/Photo-services-1-928x1024.png 928w, https:\/\/www.videlio.com\/agences\/geneve-suisse\/wp-content\/uploads\/2024\/05\/Photo-services-1-768x847.png 768w, https:\/\/www.videlio.com\/agences\/geneve-suisse\/wp-content\/uploads\/2024\/05\/Photo-services-1-84x93.png 84w, https:\/\/www.videlio.com\/agences\/geneve-suisse\/wp-content\/uploads\/2024\/05\/Photo-services-1-200x221.png 200w, https:\/\/www.videlio.com\/agences\/geneve-suisse\/wp-content\/uploads\/2024\/05\/Photo-services-1-450x496.png 450w, https:\/\/www.videlio.com\/agences\/geneve-suisse\/wp-content\/uploads\/2024\/05\/Photo-services-1-716x790.png 716w\" sizes=\"auto, (max-width: 952px) 100vw, 952px\" \/><\/div>\n\t\t\t<\/figure>\n\t\t\t\n\t\t<\/div><\/div><\/div><\/div><div class=\"wpb_column vc_column_container color-blanc col-xs-mobile-fullwidth vc_col-sm-6 xs-text-center\"><div class=\"vc_column-inner vc_custom_1713547361284  hongo_responsive_1713547361285\"><div class=\"wpb_wrapper\"><div class=\"text-block-content xs-text-center hongo-text-block-15 last-paragraph-no-margin\"><div title=\"text-uppercase\">\n<h2 class=\"text-uppercase margin-15px-bottom h1\"><span class=\"display-block\">UNE OFFRE DE SERVICE,<\/span><span class=\"display-block\">UN ACCOMPAGNEMENT <\/span><span class=\"rose-dot-after\"><strong>SUR-MESURE<\/strong><\/span><\/h2>\n<\/div>\n<\/div><div class=\"text-block-content xs-text-center hongo-text-block-16 last-paragraph-no-margin\"><p>Les experts Videlio Suisse sont \u00e0 vos c\u00f4t\u00e9s dans toutes les \u00e9tapes de vos r\u00e9flexions et projets. Nos responsables d\u2019affaires, nos bureaux d\u2019\u00e9tudes, nos ing\u00e9nieurs avant-ventes et nos meilleurs experts techniques vous conseillent pour d\u00e9ployer les bonnes solutions, aux bons endroits, pour les bons usages. Le groupe Videlio dispose d\u2019une offre de services uniques sur le march\u00e9. Nous vous accompagnons dans toutes les questions relatives \u00e0 l\u2019accompagnement au changement, \u00e0 l\u2019appropriation des solutions audiovisuelles par vos collaborateurs, \u00e0 la formation, \u00e0 la maintenance de vos \u00e9quipements.<\/p>\n<\/div>[vc_empty_space height=&#8221;50px&#8221;]<a href=\"https:\/\/www.videlio.com\/agences\/geneve-suisse\/services\/\"  class=\"xs-text-center hongo-button-6 btn btn-transparent-black btn-round alt-font btn-medium  hongo_button_1714988252531\">Cliquez ici pour voir tous nos services<\/a>[vc_empty_space height=&#8221;50px&#8221;]<div class=\"vc_row wpb_row vc_inner vc_row-fluid list-social-setting\"><div class=\"wpb_column vc_column_container col-xs-mobile-fullwidth vc_col-sm-4\"><div class=\"vc_column-inner\"><div class=\"wpb_wrapper\">[mvc_infobox title_color=&#8221;#ffffff&#8221; image_id=&#8221;119423&#8243; info_title=&#8221;Conseil&#8221; title_size=&#8221;14&#8243;][\/mvc_infobox]<\/div><\/div><\/div><div class=\"wpb_column vc_column_container col-xs-mobile-fullwidth vc_col-sm-4\"><div class=\"vc_column-inner\"><div class=\"wpb_wrapper\">[mvc_infobox line_height=&#8221;&#8221; title_color=&#8221;#ffffff&#8221; image_id=&#8221;119445&#8243; info_title=&#8221;Ing\u00e9nierie&#8221;][\/mvc_infobox]<\/div><\/div><\/div><div class=\"wpb_column vc_column_container col-xs-mobile-fullwidth vc_col-sm-4\"><div class=\"vc_column-inner\"><div class=\"wpb_wrapper\">[mvc_infobox line_height=&#8221;&#8221; title_color=&#8221;#ffffff&#8221; image_id=&#8221;119448&#8243; info_title=&#8221;D\u00e9ploiement&#8221;][\/mvc_infobox]<\/div><\/div><\/div><\/div><div class=\"vc_row wpb_row vc_inner vc_row-fluid list-social-setting\"><div class=\"wpb_column vc_column_container col-xs-mobile-fullwidth vc_col-sm-4\"><div class=\"vc_column-inner\"><div class=\"wpb_wrapper\">[mvc_infobox line_height=&#8221;&#8221; title_color=&#8221;#ffffff&#8221; image_id=&#8221;119451&#8243; info_title=&#8221;Maintenance&#8221;][\/mvc_infobox]<\/div><\/div><\/div><div class=\"wpb_column vc_column_container col-xs-mobile-fullwidth vc_col-sm-4\"><div class=\"vc_column-inner\"><div class=\"wpb_wrapper\">[mvc_infobox line_height=&#8221;&#8221; title_color=&#8221;#ffffff&#8221; image_id=&#8221;119454&#8243; info_title=&#8221;Formation Des utilisateurs&#8221;][\/mvc_infobox]<\/div><\/div><\/div><div class=\"wpb_column vc_column_container col-xs-mobile-fullwidth vc_col-sm-4\"><div class=\"vc_column-inner\"><div class=\"wpb_wrapper\">[mvc_infobox line_height=&#8221;&#8221; title_color=&#8221;#ffffff&#8221; image_id=&#8221;119457&#8243; info_title=&#8221;Personnel d\u00e9l\u00e9gu\u00e9&#8221;][\/mvc_infobox]<\/div><\/div><\/div><\/div><\/div><\/div><\/div><\/section><div class=\"vc_row-full-width vc_clearfix\"><\/div>\n<\/div>","protected":false},"excerpt":{"rendered":"NOS DOMAINES D\u2019EXPERTISES D\u00e9couvrez les solutions phares de Videlio Suisse, expert en int\u00e9gration audiovisuelle et en solutions collaboratives pour votre lieu de travail. INT\u00c9GRATION AUDIOVISUELLESOLUTIONS COLLABORATIVES - SMART WORKPLACE Int\u00e9gration audiovisuelle Videlio con\u00e7oit, installe et g\u00e8re l\u2019int\u00e9gration de solutions audiovisuelles pour les entreprises. Nous \u00e9quipons les salles de r\u00e9union, les salles de conseil, les auditoriums, les amphith\u00e9\u00e2tres. Videlio accompagne la transformation de votre environnement de travail et de vos usages, au service de vos collaborateurs et de vos publics : affichage dynamique, communication unifi\u00e9e, smart building, installations immersives, studios audiovisuels, showroom. [vc_empty_space height=\"40px\"]Contactez-nous Solutions Collaboratives - Smart Workplace Situ\u00e9e aux portes de Paris, la Station 141 vous propose la location de studios d\u2019enregistrement pour tous vos contenus audiovisuels : \u00e9v\u00e9nements en direct ou diff\u00e9r\u00e9, production de vid\u00e9os, de publicit\u00e9s, de clips, d\u2019\u00e9missions. Gr\u00e2ce \u00e0 la technologie Remote Production, nous produisons des \u00e9v\u00e9nements, capt\u00e9s n\u2019importe o\u00f9 sur le globe, et stream\u00e9s via La Station 141. [vc_empty_space height=\"40px\"]Contactez-nous[vc_tta_accordion c_align=\"left\" c_position=\"right\" active_section=\"1\"][vc_tta_section title=\"INT\u00c9GRATION AUDIOVISUELLE\" tab_id=\"1711594145470-9b8422c8-6b2b\"] INT\u00c9GRATION AUDIOVISUELLE Videlio con\u00e7oit, installe et g\u00e8re l\u2019int\u00e9gration de solutions audiovisuelles pour les entreprises. Nous \u00e9quipons les salles de r\u00e9union, les salles de conseil, les auditoriums, les amphith\u00e9\u00e2tres. Videlio accompagne la transformation de votre environnement de travail et...","protected":false},"author":1,"featured_media":0,"parent":0,"menu_order":0,"comment_status":"closed","ping_status":"closed","template":"","meta":{"footnotes":""},"class_list":["post-99553","page","type-page","status-publish","hentry"],"acf":[],"_links":{"self":[{"href":"https:\/\/www.videlio.com\/agences\/geneve-suisse\/wp-json\/wp\/v2\/pages\/99553","targetHints":{"allow":["GET"]}}],"collection":[{"href":"https:\/\/www.videlio.com\/agences\/geneve-suisse\/wp-json\/wp\/v2\/pages"}],"about":[{"href":"https:\/\/www.videlio.com\/agences\/geneve-suisse\/wp-json\/wp\/v2\/types\/page"}],"author":[{"embeddable":true,"href":"https:\/\/www.videlio.com\/agences\/geneve-suisse\/wp-json\/wp\/v2\/users\/1"}],"replies":[{"embeddable":true,"href":"https:\/\/www.videlio.com\/agences\/geneve-suisse\/wp-json\/wp\/v2\/comments?post=99553"}],"version-history":[{"count":70,"href":"https:\/\/www.videlio.com\/agences\/geneve-suisse\/wp-json\/wp\/v2\/pages\/99553\/revisions"}],"predecessor-version":[{"id":123461,"href":"https:\/\/www.videlio.com\/agences\/geneve-suisse\/wp-json\/wp\/v2\/pages\/99553\/revisions\/123461"}],"wp:attachment":[{"href":"https:\/\/www.videlio.com\/agences\/geneve-suisse\/wp-json\/wp\/v2\/media?parent=99553"}],"curies":[{"name":"wp","href":"https:\/\/api.w.org\/{rel}","templated":true}]}}